{"id":3502,"date":"2023-03-20T10:49:59","date_gmt":"2023-03-20T10:49:59","guid":{"rendered":"https:\/\/larraneta.com\/?page_id=3502"},"modified":"2023-06-02T09:44:35","modified_gmt":"2023-06-02T09:44:35","slug":"nor-gara","status":"publish","type":"page","link":"https:\/\/larraneta.com\/eu\/nor-gara","title":{"rendered":"Nor gara?"},"content":{"rendered":"<div class=\"wpb-content-wrapper\"><div class=\"mkdf-row-grid-section-wrapper\"  ><div class=\"mkdf-row-grid-section\"><div class=\"vc_row wpb_row vc_row-fluid vc_custom_1510654648820\" ><div class=\"wpb_column vc_column_container vc_col-sm-12 vc_col-lg-5\"><div class=\"vc_column-inner\"><div class=\"wpb_wrapper\">\n\t<div  class=\"wpb_single_image wpb_content_element vc_align_left\">\n\t\t\n\t\t<figure class=\"wpb_wrapper vc_figure\">\n\t\t\t<div class=\"vc_single_image-wrapper   vc_box_border_grey\"><img loading=\"lazy\" decoding=\"async\" width=\"800\" height=\"537\" src=\"https:\/\/larraneta.com\/wp-content\/uploads\/2022\/08\/conocenos-asesoria-larraneta-inmobiliaria.jpg\" class=\"vc_single_image-img attachment-full\" alt=\"Asesor\u00eda Larra\u00f1eta fiscal contable inmobiliaria en Sang\u00fcesa Navarra Calle Mayor 81 1\u00ba\" title=\"conocenos-asesoria-larra\u00f1eta-inmobiliaria\" srcset=\"https:\/\/larraneta.com\/wp-content\/uploads\/2022\/08\/conocenos-asesoria-larraneta-inmobiliaria.jpg 800w, https:\/\/larraneta.com\/wp-content\/uploads\/2022\/08\/conocenos-asesoria-larraneta-inmobiliaria-300x201.jpg 300w, https:\/\/larraneta.com\/wp-content\/uploads\/2022\/08\/conocenos-asesoria-larraneta-inmobiliaria-768x516.jpg 768w\" sizes=\"(max-width: 800px) 100vw, 800px\" \/><\/div>\n\t\t<\/figure>\n\t<\/div>\n<div class=\"vc_empty_space\"   style=\"height: 35px\"><span class=\"vc_empty_space_inner\"><\/span><\/div><\/div><\/div><\/div><div class=\"wpb_column vc_column_container vc_col-sm-12 vc_col-lg-7\"><div class=\"vc_column-inner vc_custom_1510658954748\"><div class=\"wpb_wrapper\"><div class=\"mkdf-elements-holder   mkdf-one-column  mkdf-responsive-mode-768\" ><div class=\"mkdf-eh-item\"  data-item-class=\"mkdf-eh-custom-4403\" data-1280-1600=\"37px 59px 0px\" data-1024-1280=\"24px 40px 0px\" data-768-1024=\"0px 0% 0px\" data-680-768=\"0px 0% 0px\" data-680=\"0px 0% 0px\">\n\t<div class=\"mkdf-eh-item-inner\">\n\t\t<div class=\"mkdf-eh-item-content mkdf-eh-custom-4403\" style=\"padding: 38px 59px 0px\">\n\t\t\t<div class=\"mkdf-section-title-holder  mkdf-st-standard mkdf-st-title-center mkdf-st-normal-space\" >\n\t<div class=\"mkdf-st-inner\">\n\t\t\t\t\t<h2 class=\"mkdf-st-title\" >\n\t\t\t\tEzagut gaitzazu\t\t\t<\/h2>\n\t\t\t\t\t\t\t<p class=\"mkdf-st-text\" style=\"font-size: 18px\">\n\t\t\t\tPertsonen eta horien negozioen aholkularitza osoa\t\t\t<\/p>\n\t\t\t<\/div>\n<\/div><div class=\"vc_empty_space\"   style=\"height: 11px\"><span class=\"vc_empty_space_inner\"><\/span><\/div>\n\t<div class=\"wpb_text_column wpb_content_element\" >\n\t\t<div class=\"wpb_wrapper\">\n\t\t\t<p>1989an heldu genion aholkularitza-lanari. 20 urte baino gehiagoko esperientzia duten hainbat arlotako profesionalak ditugu eginkizun horretan. Horri esker, fiskalitateari, pentsioei, herentziei, testamentuei eta bestelakoei buruzko kalitatezko zerbitzua ematen diegu autonomoei, enpresei eta sozietateei eta pertsona fisikoei.<\/p>\n\n\t\t<\/div>\n\t<\/div>\n\n\t<div class=\"wpb_text_column wpb_content_element  vc_custom_1679309204896\" >\n\t\t<div class=\"wpb_wrapper\">\n\t\t\t<p>Gure taldeak zuri eta zure enpresari laguntzen dizue hazten laguntzeko, zerga- eta lan-aholkularitzaz arduratuz, zuk zure negozioaren jardunaz bakarrik ardura zaitezen.<\/p>\n<p>Larra\u00f1etan, gainera, higiezinen agentzia-zerbitzua ematen dugu. Jabeei eta erosleei kudeaketan laguntzen diegu.<\/p>\n\n\t\t<\/div>\n\t<\/div>\n\t\t<\/div>\n\t<\/div>\n<\/div><\/div><\/div><\/div><\/div><\/div><\/div><\/div><div class=\"mkdf-row-grid-section-wrapper\"  ><div class=\"mkdf-row-grid-section\"><div class=\"vc_row wpb_row vc_row-fluid vc_custom_1509975885644\" ><div class=\"wpb_column vc_column_container vc_col-sm-12 vc_col-lg-5\"><div class=\"vc_column-inner\"><div class=\"wpb_wrapper\">\n\t<div  class=\"wpb_single_image wpb_content_element vc_align_left\">\n\t\t\n\t\t<figure class=\"wpb_wrapper vc_figure\">\n\t\t\t<div class=\"vc_single_image-wrapper   vc_box_border_grey\"><img loading=\"lazy\" decoding=\"async\" width=\"800\" height=\"537\" src=\"https:\/\/larraneta.com\/wp-content\/uploads\/2022\/08\/tu-negocio-eres-tu-inmobiliaria-larraneta-asesoria.jpg\" class=\"vc_single_image-img attachment-full\" alt=\"Asesor\u00eda Larra\u00f1eta fiscal contable inmobiliaria en Sang\u00fcesa Navarra Calle Mayor 81 1\u00ba\" title=\"tu-negocio-eres-tu-inmobiliaria-larra\u00f1eta-asesoria\" srcset=\"https:\/\/larraneta.com\/wp-content\/uploads\/2022\/08\/tu-negocio-eres-tu-inmobiliaria-larraneta-asesoria.jpg 800w, https:\/\/larraneta.com\/wp-content\/uploads\/2022\/08\/tu-negocio-eres-tu-inmobiliaria-larraneta-asesoria-300x201.jpg 300w, https:\/\/larraneta.com\/wp-content\/uploads\/2022\/08\/tu-negocio-eres-tu-inmobiliaria-larraneta-asesoria-768x516.jpg 768w\" sizes=\"(max-width: 800px) 100vw, 800px\" \/><\/div>\n\t\t<\/figure>\n\t<\/div>\n<\/div><\/div><\/div><div class=\"wpb_column vc_column_container vc_col-sm-12 vc_col-lg-7\"><div class=\"vc_column-inner vc_custom_1510661361774\"><div class=\"wpb_wrapper\"><div class=\"mkdf-elements-holder   mkdf-one-column  mkdf-responsive-mode-768\" ><div class=\"mkdf-eh-item\"  data-item-class=\"mkdf-eh-custom-7485\" data-1280-1600=\"29px 59px 0px\" data-1024-1280=\"8px 40px 0px\" data-768-1024=\"21px 0% 0px\" data-680-768=\"21px 0% 0px\" data-680=\"21px 0% 0px\">\n\t<div class=\"mkdf-eh-item-inner\">\n\t\t<div class=\"mkdf-eh-item-content mkdf-eh-custom-7485\" style=\"padding: 29px 59px 0px\">\n\t\t\t\n\t<div class=\"wpb_text_column wpb_content_element\" >\n\t\t<div class=\"wpb_wrapper\">\n\t\t\t<h5>Zure negozioa zu zara.<\/h5>\n\n\t\t<\/div>\n\t<\/div>\n\n\t<div class=\"wpb_text_column wpb_content_element  vc_custom_1679309220056\" >\n\t\t<div class=\"wpb_wrapper\">\n\t\t\t<p>Hori dela-eta, zutaz kezkatzen gara. Gure asmoa da arazo partikularrei, profesionalei eta enpresetakoei irtenbide eraginkorrak eskaintzea, bezero bakoitzaren beharretara modu aditu, hurbil eta pertsonalizatuan.<\/p>\n\n\t\t<\/div>\n\t<\/div>\n\n\t<div class=\"wpb_text_column wpb_content_element\" >\n\t\t<div class=\"wpb_wrapper\">\n\t\t\t<p>Gure helburua da gure zerbitzua kalitatezkoa eta efizientea izatea. Zer lortu nahi dugu? Gure profesionaltasunagatik eta beharrak konpontzeagatik ezagut gaitzatela. Nola? Gure talde konprometituaren zintzotasunetik, bezero bakoitzaren beharrarekin arduratuta, efizientziaz eta irtenbide egokiak aurkitzeko gaitasun osoz.<\/p>\n\n\t\t<\/div>\n\t<\/div>\n\t\t<\/div>\n\t<\/div>\n<\/div><\/div><\/div><\/div><\/div><\/div><\/div><\/div><div class=\"mkdf-row-grid-section-wrapper mkdf-content-aligment-center\"  ><div class=\"mkdf-row-grid-section\"><div class=\"vc_row wpb_row vc_row-fluid vc_custom_1509379034576\" ><div class=\"wpb_column vc_column_container vc_col-sm-12\"><div class=\"vc_column-inner\"><div class=\"wpb_wrapper\"><div class=\"mkdf-section-title-holder  mkdf-st-standard mkdf-st-title-center mkdf-st-normal-space\" style=\"text-align: center\">\n\t<div class=\"mkdf-st-inner\">\n\t\t\t\t\t<h2 class=\"mkdf-st-title\" >\n\t\t\t\tHonelakoa da Larra\u00f1eta\t\t\t<\/h2>\n\t\t\t\t\t\t\t<p class=\"mkdf-st-text\" style=\"font-size: 18px\">\n\t\t\t\tGardentasuna eta hurbiltasuna gure eguneroko aholkularitza-jardueran\t\t\t<\/p>\n\t\t\t<\/div>\n<\/div><div class=\"vc_empty_space\"   style=\"height: 62px\"><span class=\"vc_empty_space_inner\"><\/span><\/div><div class=\"vc_row wpb_row vc_inner vc_row-fluid mkdf-content-aligment-left\" ><div class=\"wpb_column vc_column_container vc_col-sm-12 vc_col-lg-4\"><div class=\"vc_column-inner\"><div class=\"wpb_wrapper\">\n\t<div  class=\"wpb_single_image wpb_content_element vc_align_left\">\n\t\t\n\t\t<figure class=\"wpb_wrapper vc_figure\">\n\t\t\t<div class=\"vc_single_image-wrapper   vc_box_border_grey\"><img loading=\"lazy\" decoding=\"async\" width=\"800\" height=\"537\" src=\"https:\/\/larraneta.com\/wp-content\/uploads\/2022\/08\/mision-larraneta-asesoria.jpg\" class=\"vc_single_image-img attachment-full\" alt=\"Asesor\u00eda Larra\u00f1eta fiscal contable inmobiliaria en Sang\u00fcesa Navarra Calle Mayor 81 1\u00ba\" title=\"mision-larra\u00f1eta-asesoria\" srcset=\"https:\/\/larraneta.com\/wp-content\/uploads\/2022\/08\/mision-larraneta-asesoria.jpg 800w, https:\/\/larraneta.com\/wp-content\/uploads\/2022\/08\/mision-larraneta-asesoria-300x201.jpg 300w, https:\/\/larraneta.com\/wp-content\/uploads\/2022\/08\/mision-larraneta-asesoria-768x516.jpg 768w\" sizes=\"(max-width: 800px) 100vw, 800px\" \/><\/div>\n\t\t<\/figure>\n\t<\/div>\n\n\t<div class=\"wpb_text_column wpb_content_element  vc_custom_1679309291158\" >\n\t\t<div class=\"wpb_wrapper\">\n\t\t\t<h5>XEDEA<\/h5>\n\n\t\t<\/div>\n\t<\/div>\n\n\t<div class=\"wpb_text_column wpb_content_element\" >\n\t\t<div class=\"wpb_wrapper\">\n\t\t\t<p>Gure xedea da kalitateko zerbitzu efizienteak ematea, gure bezeroen itxaropenak espero dutena baino areago betetzeko.<\/p>\n\n\t\t<\/div>\n\t<\/div>\n<div class=\"vc_empty_space\"   style=\"height: 32px\"><span class=\"vc_empty_space_inner\"><\/span><\/div><\/div><\/div><\/div><div class=\"wpb_column vc_column_container vc_col-sm-12 vc_col-lg-4\"><div class=\"vc_column-inner\"><div class=\"wpb_wrapper\">\n\t<div  class=\"wpb_single_image wpb_content_element vc_align_left\">\n\t\t\n\t\t<figure class=\"wpb_wrapper vc_figure\">\n\t\t\t<div class=\"vc_single_image-wrapper   vc_box_border_grey\"><img loading=\"lazy\" decoding=\"async\" width=\"800\" height=\"537\" src=\"https:\/\/larraneta.com\/wp-content\/uploads\/2022\/08\/vision-inmobiliaria-larraneta-asesoria.jpg\" class=\"vc_single_image-img attachment-full\" alt=\"Asesor\u00eda Larra\u00f1eta fiscal contable inmobiliaria en Sang\u00fcesa Navarra Calle Mayor 81 1\u00ba\" title=\"vision-inmobiliaria-larra\u00f1eta-asesoria\" srcset=\"https:\/\/larraneta.com\/wp-content\/uploads\/2022\/08\/vision-inmobiliaria-larraneta-asesoria.jpg 800w, https:\/\/larraneta.com\/wp-content\/uploads\/2022\/08\/vision-inmobiliaria-larraneta-asesoria-300x201.jpg 300w, https:\/\/larraneta.com\/wp-content\/uploads\/2022\/08\/vision-inmobiliaria-larraneta-asesoria-768x516.jpg 768w\" sizes=\"(max-width: 800px) 100vw, 800px\" \/><\/div>\n\t\t<\/figure>\n\t<\/div>\n\n\t<div class=\"wpb_text_column wpb_content_element  vc_custom_1679309306878\" >\n\t\t<div class=\"wpb_wrapper\">\n\t\t\t<h5>Ikuspegia<\/h5>\n\n\t\t<\/div>\n\t<\/div>\n\n\t<div class=\"wpb_text_column wpb_content_element\" >\n\t\t<div class=\"wpb_wrapper\">\n\t\t\t<p>Gure asmoa da enpresa profesional gisa haztea eta aintzatespena jasotzea, eta gure zerbitzu-arlo bakoitzean espezializazio-maila handia lortzea.<\/p>\n\n\t\t<\/div>\n\t<\/div>\n<div class=\"vc_empty_space\"   style=\"height: 32px\"><span class=\"vc_empty_space_inner\"><\/span><\/div><\/div><\/div><\/div><div class=\"wpb_column vc_column_container vc_col-sm-12 vc_col-lg-4\"><div class=\"vc_column-inner\"><div class=\"wpb_wrapper\">\n\t<div  class=\"wpb_single_image wpb_content_element vc_align_left\">\n\t\t\n\t\t<figure class=\"wpb_wrapper vc_figure\">\n\t\t\t<div class=\"vc_single_image-wrapper   vc_box_border_grey\"><img loading=\"lazy\" decoding=\"async\" width=\"800\" height=\"537\" src=\"https:\/\/larraneta.com\/wp-content\/uploads\/2022\/08\/valores-inmobiliaria-larraneta-asesoria.jpg\" class=\"vc_single_image-img attachment-full\" alt=\"Asesor\u00eda Larra\u00f1eta fiscal contable inmobiliaria en Sang\u00fcesa Navarra Calle Mayor 81 1\u00ba\" title=\"valores-inmobiliaria-larra\u00f1eta-asesoria\" srcset=\"https:\/\/larraneta.com\/wp-content\/uploads\/2022\/08\/valores-inmobiliaria-larraneta-asesoria.jpg 800w, https:\/\/larraneta.com\/wp-content\/uploads\/2022\/08\/valores-inmobiliaria-larraneta-asesoria-300x201.jpg 300w, https:\/\/larraneta.com\/wp-content\/uploads\/2022\/08\/valores-inmobiliaria-larraneta-asesoria-768x516.jpg 768w\" sizes=\"(max-width: 800px) 100vw, 800px\" \/><\/div>\n\t\t<\/figure>\n\t<\/div>\n\n\t<div class=\"wpb_text_column wpb_content_element  vc_custom_1679309323222\" >\n\t\t<div class=\"wpb_wrapper\">\n\t\t\t<h5>Balioak<\/h5>\n\n\t\t<\/div>\n\t<\/div>\n\n\t<div class=\"wpb_text_column wpb_content_element\" >\n\t\t<div class=\"wpb_wrapper\">\n\t\t\t<p>Zintzotasun eta etika profesional handiz lan egiten dugu. Gure lantaldea pertsona arduratsu, efiziente eta gaituek osatzen dute, gure bezeroen helburuekin erabat identifikaturik.<\/p>\n\n\t\t<\/div>\n\t<\/div>\n<div class=\"vc_empty_space\"   style=\"height: 32px\"><span class=\"vc_empty_space_inner\"><\/span><\/div><\/div><\/div><\/div><\/div><\/div><\/div><\/div><\/div><\/div><\/div><div class=\"mkdf-row-grid-section-wrapper mkdf-content-aligment-center\"  ><div class=\"mkdf-row-grid-section\"><div class=\"vc_row wpb_row vc_row-fluid vc_custom_1509379034576\" ><div class=\"wpb_column vc_column_container vc_col-sm-12\"><div class=\"vc_column-inner\"><div class=\"wpb_wrapper\"><div class=\"mkdf-section-title-holder  mkdf-st-standard mkdf-st-title-center mkdf-st-normal-space\" style=\"text-align: center\">\n\t<div class=\"mkdf-st-inner\">\n\t\t\t\t\t<h2 class=\"mkdf-st-title\" >\n\t\t\t\tEtorkizunari begirako apustua\t\t\t<\/h2>\n\t\t\t\t\t\t\t<p class=\"mkdf-st-text\" style=\"font-size: 18px\">\n\t\t\t\tLanda-eremuekiko konprimisoa\t\t\t<\/p>\n\t\t\t<\/div>\n<\/div><\/div><\/div><\/div><\/div><\/div><\/div><div class=\"mkdf-row-grid-section-wrapper\"  ><div class=\"mkdf-row-grid-section\"><div class=\"vc_row wpb_row vc_row-fluid vc_custom_1661160434537\" ><div class=\"wpb_column vc_column_container vc_col-sm-12 vc_col-lg-5\"><div class=\"vc_column-inner\"><div class=\"wpb_wrapper\">\n\t<div  class=\"wpb_single_image wpb_content_element vc_align_left\">\n\t\t\n\t\t<figure class=\"wpb_wrapper vc_figure\">\n\t\t\t<div class=\"vc_single_image-wrapper   vc_box_border_grey\"><img loading=\"lazy\" decoding=\"async\" width=\"1305\" height=\"1300\" src=\"https:\/\/larraneta.com\/wp-content\/uploads\/2022\/08\/mapa-navarra-larraneta_1.jpg\" class=\"vc_single_image-img attachment-full\" alt=\"Asesor\u00eda Larra\u00f1eta fiscal contable inmobiliaria en Sang\u00fcesa Navarra Calle Mayor 81 1\u00ba\" title=\"mapa-navarra-larraneta_1\" srcset=\"https:\/\/larraneta.com\/wp-content\/uploads\/2022\/08\/mapa-navarra-larraneta_1.jpg 1305w, https:\/\/larraneta.com\/wp-content\/uploads\/2022\/08\/mapa-navarra-larraneta_1-300x300.jpg 300w, https:\/\/larraneta.com\/wp-content\/uploads\/2022\/08\/mapa-navarra-larraneta_1-1024x1020.jpg 1024w, https:\/\/larraneta.com\/wp-content\/uploads\/2022\/08\/mapa-navarra-larraneta_1-150x150.jpg 150w, https:\/\/larraneta.com\/wp-content\/uploads\/2022\/08\/mapa-navarra-larraneta_1-768x765.jpg 768w\" sizes=\"(max-width: 1305px) 100vw, 1305px\" \/><\/div>\n\t\t<\/figure>\n\t<\/div>\n<\/div><\/div><\/div><div class=\"wpb_column vc_column_container vc_col-sm-12 vc_col-lg-7\"><div class=\"vc_column-inner vc_custom_1510661361774\"><div class=\"wpb_wrapper\"><div class=\"mkdf-elements-holder   mkdf-one-column  mkdf-responsive-mode-768\" ><div class=\"mkdf-eh-item\"  data-item-class=\"mkdf-eh-custom-8387\" data-1280-1600=\"29px 59px 0px\" data-1024-1280=\"8px 40px 0px\" data-768-1024=\"21px 0% 0px\" data-680-768=\"21px 0% 0px\" data-680=\"21px 0% 0px\">\n\t<div class=\"mkdf-eh-item-inner\">\n\t\t<div class=\"mkdf-eh-item-content mkdf-eh-custom-8387\" style=\"padding: 29px 59px 0px\">\n\t\t\t\n\t<div class=\"wpb_text_column wpb_content_element\" >\n\t\t<div class=\"wpb_wrapper\">\n\t\t\t<p>Larra\u00f1eta aholkularitzan Nafarroako landa-eremuetako despopulazioaren aurkako borrokan konprometituta gaude, gazteenentzat negozio- eta enplegu-aukerak eta etxebizitza eskuratzeko aukerak sortuz. Larra\u00f1eta Aholkularitzaren balio nagusietakoak dira tokiko gazteen enpleguaren aldeko apustua eta gure ingurunean bizi-kalitatea hobetzea.<\/p>\n<p>Gure eskualdeko despopulazioaren aurkako eta aukerak sortzearen aldeko estrategia baten alde egiten dugu. Pertsonek, erakundeek eta gure aholkularitza bezalako enpresek egunero lan egiten dute gure eskualdeko pertsona guztien talentua antzematen, pertsona horien jarduera landa-eremuetan eta herrietan kokatzeko aukera eskaintzeko.<\/p>\n\n\t\t<\/div>\n\t<\/div>\n\t\t<\/div>\n\t<\/div>\n<\/div><\/div><\/div><\/div><\/div><\/div><\/div><\/div><div class=\"mkdf-row-grid-section-wrapper mkdf-parallax-row-holder mkdf-content-aligment-left\" data-parallax-bg-image= \"data-parallax-bg-speed=1\" ><div class=\"mkdf-row-grid-section\"><div class=\"vc_row wpb_row vc_row-fluid vc_custom_1510566085927\" ><div class=\"wpb_column vc_column_container vc_col-sm-12\"><div class=\"vc_column-inner\"><div class=\"wpb_wrapper\"><div class=\"mkdf-elements-holder   mkdf-one-column  mkdf-responsive-mode-768\" ><div class=\"mkdf-eh-item\"  data-item-class=\"mkdf-eh-custom-8317\" data-768-1024=\"37px 0 0\" data-680-768=\"12px 0 10px\">\n\t<div class=\"mkdf-eh-item-inner\">\n\t\t<div class=\"mkdf-eh-item-content mkdf-eh-custom-8317\" >\n\t\t\t<div class=\"mkdf-call-to-action-holder  mkdf-normal-layout mkdf-content-in-grid mkdf-two-thirds-columns\">\n\t<div class=\"mkdf-cta-inner mkdf-grid\">\n\t\t<div class=\"mkdf-cta-text-holder\">\n\t\t\t<div class=\"mkdf-cta-text\">\n<h3>Ezagutu gure zerga- eta higiezin-aholkularitzako zerbitzuak.<\/h3>\n<\/div>\n\t\t<\/div>\n\t\t<div class=\"mkdf-cta-button-holder\" >\n\t\t\t<div class=\"mkdf-cta-button\"><a itemprop=\"url\" href=\"https:\/\/larraneta.com\/eu\/aholkularitza\" target=\"_self\" style=\"color: #ffffff\" class=\"mkdf-btn mkdf-btn-medium mkdf-btn-solid\"  >    <span class=\"mkdf-btn-text\">IKUSI ZERBITZUAK<\/span>    <\/a><\/div>\n\t\t<\/div>\n\t<\/div>\n<\/div>\t\t<\/div>\n\t<\/div>\n<\/div><\/div><\/div><\/div><\/div><\/div><\/div><\/div>\n<\/div>","protected":false},"excerpt":{"rendered":"Ezagut gaitzazu Pertsonen eta horien negozioen aholkularitza osoa 1989an heldu genion aholkularitza-lanari. 20 urte baino gehiagoko esperientzia duten hainbat arlotako profesionalak ditugu eginkizun horretan. Horri esker, fiskalitateari, pentsioei, herentziei, testamentuei eta bestelakoei buruzko kalitatezko zerbitzua ematen diegu autonomoei, enpresei eta sozietateei eta pertsona fisikoei. Gure [...]","protected":false},"author":1,"featured_media":0,"parent":0,"menu_order":0,"comment_status":"closed","ping_status":"closed","template":"full-width.php","meta":{"om_disable_all_campaigns":false,"_monsterinsights_skip_tracking":false,"_monsterinsights_sitenote_active":false,"_monsterinsights_sitenote_note":"","_monsterinsights_sitenote_category":0,"_uf_show_specific_survey":0,"_uf_disable_surveys":false,"footnotes":""},"aioseo_notices":[],"yoast_head":"<!-- This site is optimized with the Yoast SEO plugin v23.4 - https:\/\/yoast.com\/wordpress\/plugins\/seo\/ -->\n<title>Asesor\u00eda Larra\u00f1eta en Sang\u00fcesa Navarra inmobiliaria fiscal laboral auditor\u00eda contabilidad gesti\u00f3n contratos en venta en alquiler administraci\u00f3n<\/title>\n<meta name=\"description\" content=\"Asesor\u00eda Larra\u00f1eta en Sang\u00fcesa Navarra inmobiliaria fiscal laboral auditor\u00eda contabilidad gesti\u00f3n contratos en venta en alquiler administraci\u00f3n\" \/>\n<meta name=\"robots\" content=\"index, follow, max-snippet:-1, max-image-preview:large, max-video-preview:-1\" \/>\n<link rel=\"canonical\" href=\"https:\/\/larraneta.com\/eu\/nor-gara\" \/>\n<meta property=\"og:locale\" content=\"en_US\" \/>\n<meta property=\"og:type\" content=\"article\" \/>\n<meta property=\"og:title\" content=\"Asesor\u00eda Larra\u00f1eta en Sang\u00fcesa Navarra inmobiliaria fiscal laboral auditor\u00eda contabilidad gesti\u00f3n contratos en venta en alquiler administraci\u00f3n\" \/>\n<meta property=\"og:description\" content=\"Asesor\u00eda Larra\u00f1eta en Sang\u00fcesa Navarra inmobiliaria fiscal laboral auditor\u00eda contabilidad gesti\u00f3n contratos en venta en alquiler administraci\u00f3n\" \/>\n<meta property=\"og:url\" content=\"https:\/\/larraneta.com\/eu\/nor-gara\" \/>\n<meta property=\"og:site_name\" content=\"LARRA\u00d1ETA\" \/>\n<meta property=\"article:modified_time\" content=\"2023-06-02T09:44:35+00:00\" \/>\n<meta name=\"twitter:card\" content=\"summary_large_image\" \/>\n<meta name=\"twitter:label1\" content=\"Est. reading time\" \/>\n\t<meta name=\"twitter:data1\" content=\"3 minutua\" \/>\n<script type=\"application\/ld+json\" class=\"yoast-schema-graph\">{\"@context\":\"https:\/\/schema.org\",\"@graph\":[{\"@type\":\"WebPage\",\"@id\":\"https:\/\/larraneta.com\/eu\/nor-gara\",\"url\":\"https:\/\/larraneta.com\/eu\/nor-gara\",\"name\":\"Asesor\u00eda Larra\u00f1eta en Sang\u00fcesa Navarra inmobiliaria fiscal laboral auditor\u00eda contabilidad gesti\u00f3n contratos en venta en alquiler administraci\u00f3n\",\"isPartOf\":{\"@id\":\"https:\/\/larraneta.com\/eu\/#website\"},\"datePublished\":\"2023-03-20T10:49:59+00:00\",\"dateModified\":\"2023-06-02T09:44:35+00:00\",\"description\":\"Asesor\u00eda Larra\u00f1eta en Sang\u00fcesa Navarra inmobiliaria fiscal laboral auditor\u00eda contabilidad gesti\u00f3n contratos en venta en alquiler administraci\u00f3n\",\"breadcrumb\":{\"@id\":\"https:\/\/larraneta.com\/eu\/nor-gara#breadcrumb\"},\"inLanguage\":\"eu\",\"potentialAction\":[{\"@type\":\"ReadAction\",\"target\":[\"https:\/\/larraneta.com\/eu\/nor-gara\"]}]},{\"@type\":\"BreadcrumbList\",\"@id\":\"https:\/\/larraneta.com\/eu\/nor-gara#breadcrumb\",\"itemListElement\":[{\"@type\":\"ListItem\",\"position\":1,\"name\":\"Portada\",\"item\":\"https:\/\/larraneta.com\/eu\/hasierako-orria\"},{\"@type\":\"ListItem\",\"position\":2,\"name\":\"Nor gara?\"}]},{\"@type\":\"WebSite\",\"@id\":\"https:\/\/larraneta.com\/eu\/#website\",\"url\":\"https:\/\/larraneta.com\/eu\/\",\"name\":\"LARRA\u00d1ETA\",\"description\":\"\",\"potentialAction\":[{\"@type\":\"SearchAction\",\"target\":{\"@type\":\"EntryPoint\",\"urlTemplate\":\"https:\/\/larraneta.com\/eu\/?s={search_term_string}\"},\"query-input\":{\"@type\":\"PropertyValueSpecification\",\"valueRequired\":true,\"valueName\":\"search_term_string\"}}],\"inLanguage\":\"eu\"}]}<\/script>\n<!-- \/ Yoast SEO plugin. -->","yoast_head_json":{"title":"Asesor\u00eda Larra\u00f1eta en Sang\u00fcesa Navarra inmobiliaria fiscal laboral auditor\u00eda contabilidad gesti\u00f3n contratos en venta en alquiler administraci\u00f3n","description":"Asesor\u00eda Larra\u00f1eta en Sang\u00fcesa Navarra inmobiliaria fiscal laboral auditor\u00eda contabilidad gesti\u00f3n contratos en venta en alquiler administraci\u00f3n","robots":{"index":"index","follow":"follow","max-snippet":"max-snippet:-1","max-image-preview":"max-image-preview:large","max-video-preview":"max-video-preview:-1"},"canonical":"https:\/\/larraneta.com\/eu\/nor-gara","og_locale":"en_US","og_type":"article","og_title":"Asesor\u00eda Larra\u00f1eta en Sang\u00fcesa Navarra inmobiliaria fiscal laboral auditor\u00eda contabilidad gesti\u00f3n contratos en venta en alquiler administraci\u00f3n","og_description":"Asesor\u00eda Larra\u00f1eta en Sang\u00fcesa Navarra inmobiliaria fiscal laboral auditor\u00eda contabilidad gesti\u00f3n contratos en venta en alquiler administraci\u00f3n","og_url":"https:\/\/larraneta.com\/eu\/nor-gara","og_site_name":"LARRA\u00d1ETA","article_modified_time":"2023-06-02T09:44:35+00:00","twitter_card":"summary_large_image","twitter_misc":{"Est. reading time":"3 minutua"},"schema":{"@context":"https:\/\/schema.org","@graph":[{"@type":"WebPage","@id":"https:\/\/larraneta.com\/eu\/nor-gara","url":"https:\/\/larraneta.com\/eu\/nor-gara","name":"Asesor\u00eda Larra\u00f1eta en Sang\u00fcesa Navarra inmobiliaria fiscal laboral auditor\u00eda contabilidad gesti\u00f3n contratos en venta en alquiler administraci\u00f3n","isPartOf":{"@id":"https:\/\/larraneta.com\/eu\/#website"},"datePublished":"2023-03-20T10:49:59+00:00","dateModified":"2023-06-02T09:44:35+00:00","description":"Asesor\u00eda Larra\u00f1eta en Sang\u00fcesa Navarra inmobiliaria fiscal laboral auditor\u00eda contabilidad gesti\u00f3n contratos en venta en alquiler administraci\u00f3n","breadcrumb":{"@id":"https:\/\/larraneta.com\/eu\/nor-gara#breadcrumb"},"inLanguage":"eu","potentialAction":[{"@type":"ReadAction","target":["https:\/\/larraneta.com\/eu\/nor-gara"]}]},{"@type":"BreadcrumbList","@id":"https:\/\/larraneta.com\/eu\/nor-gara#breadcrumb","itemListElement":[{"@type":"ListItem","position":1,"name":"Portada","item":"https:\/\/larraneta.com\/eu\/hasierako-orria"},{"@type":"ListItem","position":2,"name":"Nor gara?"}]},{"@type":"WebSite","@id":"https:\/\/larraneta.com\/eu\/#website","url":"https:\/\/larraneta.com\/eu\/","name":"LARRA\u00d1ETA","description":"","potentialAction":[{"@type":"SearchAction","target":{"@type":"EntryPoint","urlTemplate":"https:\/\/larraneta.com\/eu\/?s={search_term_string}"},"query-input":{"@type":"PropertyValueSpecification","valueRequired":true,"valueName":"search_term_string"}}],"inLanguage":"eu"}]}},"_links":{"self":[{"href":"https:\/\/larraneta.com\/eu\/wp-json\/wp\/v2\/pages\/3502"}],"collection":[{"href":"https:\/\/larraneta.com\/eu\/wp-json\/wp\/v2\/pages"}],"about":[{"href":"https:\/\/larraneta.com\/eu\/wp-json\/wp\/v2\/types\/page"}],"author":[{"embeddable":true,"href":"https:\/\/larraneta.com\/eu\/wp-json\/wp\/v2\/users\/1"}],"replies":[{"embeddable":true,"href":"https:\/\/larraneta.com\/eu\/wp-json\/wp\/v2\/comments?post=3502"}],"version-history":[{"count":0,"href":"https:\/\/larraneta.com\/eu\/wp-json\/wp\/v2\/pages\/3502\/revisions"}],"wp:attachment":[{"href":"https:\/\/larraneta.com\/eu\/wp-json\/wp\/v2\/media?parent=3502"}],"curies":[{"name":"wp","href":"https:\/\/api.w.org\/{rel}","templated":true}]}}